{"id":5736,"date":"2024-10-09T18:25:23","date_gmt":"2024-10-09T16:25:23","guid":{"rendered":"https:\/\/www.unxpected.fr\/?post_type=product&#038;p=5736"},"modified":"2025-01-21T09:28:56","modified_gmt":"2025-01-21T08:28:56","slug":"piste-aux-etoiles-2024","status":"publish","type":"product","link":"https:\/\/www.unxpected.fr\/en\/evenements\/piste-aux-etoiles-2024\/","title":{"rendered":"La Piste aux Etoiles 2024 by Frederic Sausset"},"content":{"rendered":"\t\t<div data-elementor-type=\"product-post\" data-elementor-id=\"5736\" class=\"elementor elementor-5736\" data-elementor-post-type=\"product\">\n\t\t\t\t<div class=\"elementor-element elementor-element-b8f6527 e-flex e-con-boxed e-con e-parent\" data-id=\"b8f6527\" data-element_type=\"container\" data-e-type=\"container\">\n\t\t\t\t\t<div class=\"e-con-inner\">\n\t\t\t\t<div class=\"elementor-element elementor-element-9e8acd7 elementor-widget elementor-widget-text-editor\" data-id=\"9e8acd7\" data-element_type=\"widget\" data-e-type=\"widget\" data-widget_type=\"text-editor.default\">\n\t\t\t\t<div class=\"elementor-widget-container\">\n\t\t\t\t\t\t\t\t\t<p>Chers amis,<\/p><p>Depuis 2018, avec l\u2019Association SRT41 et en collaboration avec l\u2019Automobile Club de l\u2019Ouest (ACO), Frederic Sausset, quadri-amput\u00e9 \u00e0 la suite d\u2019un accident bact\u00e9riologique en 2012 et d\u00e9sormais bien connu pour avoir particip\u00e9 et termin\u00e9 les 24 heures du Mans 2016, une premi\u00e8re mondiale (pour un tel handicap) qui a marqu\u00e9 l&rsquo;Histoire du sport automobile, organise un \u00e9v\u00e8nement caritatif destin\u00e9 \u00e0 financer l\u2019am\u00e9lioration des conditions d\u2019accueil et de vie des enfants souffrants de handicaps hospitalis\u00e9s au P\u00f4le R\u00e9gional du Handicap (PRH) de l\u2019H\u00f4pital de l\u2019Arche au Mans.<\/p><p><span style=\"caret-color: #000000; font-family: 'Helvetica Neue', Helvetica, Arial, Verdana, sans-serif; letter-spacing: normal; text-size-adjust: auto;\">Gr\u00e2ce \u00e0 la g\u00e9n\u00e9rosit\u00e9 de celles et ceux qui l\u2019accompagnent dans cette formidable aventure, ils ont, au cours des quatre premi\u00e8res \u00e9ditions, redistribu\u00e9 plus de 140 000 \u20ac \u00e0 cette structure d\u2019accueil sp\u00e9cialis\u00e9e avec un don record de 66 000 \u20ac lors de l\u2019\u00e9dition 2023. L\u2019objectif affich\u00e9 cette ann\u00e9e est \u00e9videment de faire encore mieux pour financer ce grand projet structurant pour lequel nous sommes partie prenante depuis sa conception.<\/span><\/p><p><span style=\"caret-color: #000000; font-family: 'Helvetica Neue', Helvetica, Arial, Verdana, sans-serif; letter-spacing: normal; text-size-adjust: auto;\">\u00a0<\/span><\/p><p><strong><span style=\"caret-color: #000000; font-family: 'Helvetica Neue', Helvetica, Arial, Verdana, sans-serif; letter-spacing: normal; text-size-adjust: auto;\">Inscriptions uniquement par cooptation &#8211; merci de me contacter au 06 23 08 70 80 ou jerome@unxpected.fr<\/span><\/strong><\/p>\t\t\t\t\t\t\t\t<\/div>\n\t\t\t\t<\/div>\n\t\t\t\t\t<\/div>\n\t\t\t\t<\/div>\n\t\t<div class=\"elementor-element elementor-element-a0ad30c e-con-full e-flex e-con e-parent\" data-id=\"a0ad30c\" data-element_type=\"container\" data-e-type=\"container\">\n\t\t<div class=\"elementor-element elementor-element-2c633da e-con-full e-flex e-con e-child\" data-id=\"2c633da\" data-element_type=\"container\" data-e-type=\"container\" data-settings=\"{&quot;background_background&quot;:&quot;slideshow&quot;,&quot;background_slideshow_gallery&quot;:[{&quot;id&quot;:5748,&quot;url&quot;:&quot;https:\\\/\\\/www.unxpected.fr\\\/wp-content\\\/uploads\\\/2024\\\/10\\\/398971319_3633139356942195_2109645668992591029_n.jpg&quot;},{&quot;id&quot;:5747,&quot;url&quot;:&quot;https:\\\/\\\/www.unxpected.fr\\\/wp-content\\\/uploads\\\/2024\\\/10\\\/399006083_3633139186942212_3854396723619894133_n.jpg&quot;},{&quot;id&quot;:5746,&quot;url&quot;:&quot;https:\\\/\\\/www.unxpected.fr\\\/wp-content\\\/uploads\\\/2024\\\/10\\\/399036167_3633138903608907_4975853320611414051_n.jpg&quot;},{&quot;id&quot;:5752,&quot;url&quot;:&quot;https:\\\/\\\/www.unxpected.fr\\\/wp-content\\\/uploads\\\/2024\\\/10\\\/IMG_5212-scaled.jpg&quot;},{&quot;id&quot;:5763,&quot;url&quot;:&quot;https:\\\/\\\/www.unxpected.fr\\\/wp-content\\\/uploads\\\/2024\\\/10\\\/IMG_5242-scaled.jpg&quot;}],&quot;background_slideshow_loop&quot;:&quot;yes&quot;,&quot;background_slideshow_slide_duration&quot;:5000,&quot;background_slideshow_slide_transition&quot;:&quot;fade&quot;,&quot;background_slideshow_transition_duration&quot;:500,&quot;background_motion_fx_devices&quot;:[&quot;desktop&quot;,&quot;tablet&quot;,&quot;mobile&quot;]}\">\n\t\t\t\t<\/div>\n\t\t<div class=\"elementor-element elementor-element-d295e0b e-con-full e-flex e-con e-child\" data-id=\"d295e0b\" data-element_type=\"container\" data-e-type=\"container\">\n\t\t\t\t<div class=\"elementor-element elementor-element-b66862a elementor-widget elementor-widget-heading\" data-id=\"b66862a\" data-element_type=\"widget\" data-e-type=\"widget\" data-widget_type=\"heading.default\">\n\t\t\t\t<div class=\"elementor-widget-container\">\n\t\t\t\t\t<h2 class=\"elementor-heading-title elementor-size-default\">Diner de Gala au PECLM<\/h2>\t\t\t\t<\/div>\n\t\t\t\t<\/div>\n\t\t\t\t<div class=\"elementor-element elementor-element-8b79c08 elementor-widget elementor-widget-text-editor\" data-id=\"8b79c08\" data-element_type=\"widget\" data-e-type=\"widget\" data-widget_type=\"text-editor.default\">\n\t\t\t\t<div class=\"elementor-widget-container\">\n\t\t\t\t\t\t\t\t\t<p><span style=\"caret-color: #000000; font-family: 'Helvetica Neue', Helvetica, Arial, Verdana, sans-serif; letter-spacing: normal; text-size-adjust: auto;\">Cette ann\u00e9e encore nous pourrons nous d\u00e9lecter de \u00ab la magie culinaire \u00bb de 20 des plus talentueux chefs \u00e9toil\u00e9s de la haute gastronomie Fran\u00e7aise pour r\u00e9aliser un grand diner de gala \u00e0 l\u2019occasion d\u2019une soir\u00e9e caritative exclusive m\u00ealant passion automobile, haute gastronomie et grande sensibilit\u00e9 \u00e0 la cause du handicap.<\/span><\/p><p><span style=\"caret-color: #000000; font-family: 'Helvetica Neue', Helvetica, Arial, Verdana, sans-serif; letter-spacing: normal; text-size-adjust: auto;\">quelques chefs pr\u00e9sents en 2023 et 2024:<span class=\"Apple-converted-space\">\u00a0<\/span><\/span><a style=\"word-break: break-word; text-decoration-line: underline; direction: ltr; caret-color: #000000; font-family: 'Helvetica Neue', Helvetica, Arial, Verdana, sans-serif; letter-spacing: normal; text-size-adjust: auto;\" href=\"https:\/\/unxpected.us8.list-manage.com\/track\/click?u=b390cf0b186785b6a287f5527&amp;id=d073276ef2&amp;e=d58e9dc508\" target=\"_blank\" rel=\"noopener\">Glenn Viel***<\/a><span style=\"caret-color: #000000; font-family: 'Helvetica Neue', Helvetica, Arial, Verdana, sans-serif; letter-spacing: normal; text-size-adjust: auto;\">,<span class=\"Apple-converted-space\">\u00a0<\/span><\/span><a style=\"word-break: break-word; text-decoration-line: underline; direction: ltr; caret-color: #000000; font-family: 'Helvetica Neue', Helvetica, Arial, Verdana, sans-serif; letter-spacing: normal; text-size-adjust: auto;\" href=\"https:\/\/unxpected.us8.list-manage.com\/track\/click?u=b390cf0b186785b6a287f5527&amp;id=5d77d579bd&amp;e=d58e9dc508\" target=\"_blank\" rel=\"noopener\">Brandon Dehan***<\/a><span style=\"caret-color: #000000; font-family: 'Helvetica Neue', Helvetica, Arial, Verdana, sans-serif; letter-spacing: normal; text-size-adjust: auto;\">,<span class=\"Apple-converted-space\">\u00a0<\/span><\/span><a style=\"word-break: break-word; text-decoration-line: underline; direction: ltr; caret-color: #000000; font-family: 'Helvetica Neue', Helvetica, Arial, Verdana, sans-serif; letter-spacing: normal; text-size-adjust: auto;\" href=\"https:\/\/unxpected.us8.list-manage.com\/track\/click?u=b390cf0b186785b6a287f5527&amp;id=aa81689e96&amp;e=d58e9dc508\" target=\"_blank\" rel=\"noopener\">Yoann Comte**<\/a><span style=\"caret-color: #000000; font-family: 'Helvetica Neue', Helvetica, Arial, Verdana, sans-serif; letter-spacing: normal; text-size-adjust: auto;\">,<span class=\"Apple-converted-space\">\u00a0<\/span><\/span><a style=\"word-break: break-word; text-decoration-line: underline; direction: ltr; caret-color: #000000; font-family: 'Helvetica Neue', Helvetica, Arial, Verdana, sans-serif; letter-spacing: normal; text-size-adjust: auto;\" href=\"https:\/\/unxpected.us8.list-manage.com\/track\/click?u=b390cf0b186785b6a287f5527&amp;id=9364eb2508&amp;e=d58e9dc508\" target=\"_blank\" rel=\"noopener\">Christophe Aribert**<\/a><span style=\"caret-color: #000000; font-family: 'Helvetica Neue', Helvetica, Arial, Verdana, sans-serif; letter-spacing: normal; text-size-adjust: auto;\">,<span class=\"Apple-converted-space\">\u00a0<\/span><\/span><a style=\"word-break: break-word; text-decoration-line: underline; direction: ltr; caret-color: #000000; font-family: 'Helvetica Neue', Helvetica, Arial, Verdana, sans-serif; letter-spacing: normal; text-size-adjust: auto;\" href=\"https:\/\/unxpected.us8.list-manage.com\/track\/click?u=b390cf0b186785b6a287f5527&amp;id=07e942c775&amp;e=d58e9dc508\" target=\"_blank\" rel=\"noopener\">Edouard Loubet*<\/a><br style=\"caret-color: #000000; font-family: 'Helvetica Neue', Helvetica, Arial, Verdana, sans-serif; letter-spacing: normal; text-size-adjust: auto;\" \/><br style=\"caret-color: #000000; font-family: 'Helvetica Neue', Helvetica, Arial, Verdana, sans-serif; letter-spacing: normal; text-size-adjust: auto;\" \/><span style=\"caret-color: #000000; font-family: 'Helvetica Neue', Helvetica, Arial, Verdana, sans-serif; letter-spacing: normal; text-size-adjust: auto;\">Au cours de cette soir\u00e9e de gala, une vente aux ench\u00e8res orchestr\u00e9e par<span class=\"Apple-converted-space\">\u00a0<\/span><\/span><a style=\"word-break: break-word; text-decoration-line: underline; direction: ltr; caret-color: #000000; font-family: 'Helvetica Neue', Helvetica, Arial, Verdana, sans-serif; letter-spacing: normal; text-size-adjust: auto;\" href=\"https:\/\/unxpected.us8.list-manage.com\/track\/click?u=b390cf0b186785b6a287f5527&amp;id=56e7f252e9&amp;e=d58e9dc508\" target=\"_blank\" rel=\"noopener\">Mathieu Lamoure (Artcurial)<\/a><span style=\"caret-color: #000000; font-family: 'Helvetica Neue', Helvetica, Arial, Verdana, sans-serif; letter-spacing: normal; text-size-adjust: auto;\"><span class=\"Apple-converted-space\">\u00a0<\/span>permettra, gr\u00e2ce aux prestigieux lots offerts par de grandes personnalit\u00e9s publiques et sportives, d\u2019abonder la somme finale des b\u00e9n\u00e9fices de l\u2019\u00e9v\u00e8nement que nous remettrons \u00e0 la Directrice de l\u2019\u00e9tablissement de r\u00e9\u00e9ducation \u00e0 l\u2019occasion du trackday exclusif du lendemain.<\/span><\/p><p>\u00a0<\/p><p>\u00a0<\/p>\t\t\t\t\t\t\t\t<\/div>\n\t\t\t\t<\/div>\n\t\t\t\t<div class=\"elementor-element elementor-element-b8dbc70 elementor-widget elementor-widget-button\" data-id=\"b8dbc70\" data-element_type=\"widget\" data-e-type=\"widget\" data-widget_type=\"button.default\">\n\t\t\t\t<div class=\"elementor-widget-container\">\n\t\t\t\t\t\t\t\t\t<div class=\"elementor-button-wrapper\">\n\t\t\t\t\t<a class=\"elementor-button elementor-button-link elementor-size-sm\" href=\"https:\/\/www.chantillyartsetelegance.com\/fr\/\" target=\"_blank\">\n\t\t\t\t\t\t<span class=\"elementor-button-content-wrapper\">\n\t\t\t\t\t\t<span class=\"elementor-button-icon\">\n\t\t\t\t<svg aria-hidden=\"true\" class=\"e-font-icon-svg e-fas-chevron-right\" viewBox=\"0 0 320 512\" xmlns=\"http:\/\/www.w3.org\/2000\/svg\"><path d=\"M285.476 272.971L91.132 467.314c-9.373 9.373-24.569 9.373-33.941 0l-22.667-22.667c-9.357-9.357-9.375-24.522-.04-33.901L188.505 256 34.484 101.255c-9.335-9.379-9.317-24.544.04-33.901l22.667-22.667c9.373-9.373 24.569-9.373 33.941 0L285.475 239.03c9.373 9.372 9.373 24.568.001 33.941z\"><\/path><\/svg>\t\t\t<\/span>\n\t\t\t\t\t\t\t\t\t<span class=\"elementor-button-text\">En savoir plus<\/span>\n\t\t\t\t\t<\/span>\n\t\t\t\t\t<\/a>\n\t\t\t\t<\/div>\n\t\t\t\t\t\t\t\t<\/div>\n\t\t\t\t<\/div>\n\t\t\t\t<\/div>\n\t\t\t\t<\/div>\n\t\t<div class=\"elementor-element elementor-element-e170488 e-con-full e-flex e-con e-parent\" data-id=\"e170488\" data-element_type=\"container\" data-e-type=\"container\">\n\t\t<div class=\"elementor-element elementor-element-e3736f3 e-con-full e-flex e-con e-child\" data-id=\"e3736f3\" data-element_type=\"container\" data-e-type=\"container\" data-settings=\"{&quot;background_background&quot;:&quot;slideshow&quot;,&quot;background_slideshow_gallery&quot;:[{&quot;id&quot;:5764,&quot;url&quot;:&quot;https:\\\/\\\/www.unxpected.fr\\\/wp-content\\\/uploads\\\/2024\\\/10\\\/IMG_5368-scaled.jpg&quot;},{&quot;id&quot;:5743,&quot;url&quot;:&quot;https:\\\/\\\/www.unxpected.fr\\\/wp-content\\\/uploads\\\/2024\\\/10\\\/405727562_3645284335727697_6739998498769562851_n.jpg&quot;},{&quot;id&quot;:5744,&quot;url&quot;:&quot;https:\\\/\\\/www.unxpected.fr\\\/wp-content\\\/uploads\\\/2024\\\/10\\\/405702131_3645284332394364_80019425352302661_n.jpg&quot;},{&quot;id&quot;:5745,&quot;url&quot;:&quot;https:\\\/\\\/www.unxpected.fr\\\/wp-content\\\/uploads\\\/2024\\\/10\\\/405308725_3645248072397990_1912674958991227661_n.jpg&quot;},{&quot;id&quot;:5742,&quot;url&quot;:&quot;https:\\\/\\\/www.unxpected.fr\\\/wp-content\\\/uploads\\\/2024\\\/10\\\/411088615_3654776351445162_7574104341073489814_n.jpg&quot;}],&quot;background_slideshow_loop&quot;:&quot;yes&quot;,&quot;background_slideshow_slide_duration&quot;:5000,&quot;background_slideshow_slide_transition&quot;:&quot;fade&quot;,&quot;background_slideshow_transition_duration&quot;:500,&quot;background_motion_fx_devices&quot;:[&quot;desktop&quot;,&quot;tablet&quot;,&quot;mobile&quot;]}\">\n\t\t\t\t<\/div>\n\t\t<div class=\"elementor-element elementor-element-54e45ea e-con-full e-flex e-con e-child\" data-id=\"54e45ea\" data-element_type=\"container\" data-e-type=\"container\">\n\t\t\t\t<div class=\"elementor-element elementor-element-0c92c17 elementor-widget elementor-widget-heading\" data-id=\"0c92c17\" data-element_type=\"widget\" data-e-type=\"widget\" data-widget_type=\"heading.default\">\n\t\t\t\t<div class=\"elementor-widget-container\">\n\t\t\t\t\t<h2 class=\"elementor-heading-title elementor-size-default\">TrackDay sur le circuit Bugatti<\/h2>\t\t\t\t<\/div>\n\t\t\t\t<\/div>\n\t\t\t\t<div class=\"elementor-element elementor-element-4605803 elementor-widget elementor-widget-text-editor\" data-id=\"4605803\" data-element_type=\"widget\" data-e-type=\"widget\" data-widget_type=\"text-editor.default\">\n\t\t\t\t<div class=\"elementor-widget-container\">\n\t\t\t\t\t\t\t\t\t<p>Open Pitlane limit\u00e9 \u00e0 une 40aine de vehicules:<\/p><p>Avec la presence des chefs qui seront coach\u00e9s par les instructeurs du Porsche Experience Center Le Mans.\u00a0<\/p><p>Vous aurez aussi la joie de pouvoir emmener en bapt\u00eames de pistes les enfants du Pole Regional du Handicap de l&rsquo;Hopital de l&rsquo;Arche du Mans.<\/p><p>Un pure moment de bonheur et de partage<\/p><p>\u00a0<\/p><p>\u00a0<\/p><p>\u00a0<\/p>\t\t\t\t\t\t\t\t<\/div>\n\t\t\t\t<\/div>\n\t\t\t\t<\/div>\n\t\t\t\t<\/div>\n\t\t\t\t<\/div>\n\t\t","protected":false},"excerpt":{"rendered":"<p>Take part in a charity at the heart of automotive passion<\/p>","protected":false},"featured_media":5739,"template":"","meta":{"_acf_changed":false},"product_brand":[],"product_cat":[23,28],"product_tag":[],"class_list":{"0":"post-5736","1":"product","2":"type-product","3":"status-publish","4":"has-post-thumbnail","6":"product_cat-evenements","7":"product_cat-evenements-passes","8":"membership-content","9":"purchase-restricted","11":"first","12":"outofstock","13":"taxable","14":"shipping-taxable","15":"product-type-simple"},"acf":[],"yoast_head":"<!-- This site is optimized with the Yoast SEO plugin v27.1.1 - https:\/\/yoast.com\/product\/yoast-seo-wordpress\/ -->\n<title>La Piste aux Etoiles 2024 by Frederic Sausset - UNXPECTED<\/title>\n<meta name=\"description\" content=\"chantilly art &amp; elegance peter auto 2024 rallye\" \/>\n<meta name=\"robots\" content=\"index, follow, max-snippet:-1, max-image-preview:large, max-video-preview:-1\" \/>\n<link rel=\"canonical\" href=\"https:\/\/www.unxpected.fr\/en\/evenements\/piste-aux-etoiles-2024\/\" \/>\n<meta property=\"og:locale\" content=\"en_US\" \/>\n<meta property=\"og:type\" content=\"article\" \/>\n<meta property=\"og:title\" content=\"La Piste aux Etoiles 2024 by Frederic Sausset - UNXPECTED\" \/>\n<meta property=\"og:description\" content=\"chantilly art &amp; elegance peter auto 2024 rallye\" \/>\n<meta property=\"og:url\" content=\"https:\/\/www.unxpected.fr\/en\/evenements\/piste-aux-etoiles-2024\/\" \/>\n<meta property=\"og:site_name\" content=\"UNXPECTED\" \/>\n<meta property=\"article:modified_time\" content=\"2025-01-21T08:28:56+00:00\" \/>\n<meta property=\"og:image\" content=\"https:\/\/www.unxpected.fr\/wp-content\/uploads\/2024\/10\/Capture-decran-2024-10-09-a-17.16.12-1016x1024.png\" \/>\n\t<meta property=\"og:image:width\" content=\"1016\" \/>\n\t<meta property=\"og:image:height\" content=\"1024\" \/>\n\t<meta property=\"og:image:type\" content=\"image\/png\" \/>\n<meta name=\"twitter:card\" content=\"summary_large_image\" \/>\n<meta name=\"twitter:label1\" content=\"Est. reading time\" \/>\n\t<meta name=\"twitter:data1\" content=\"3 minutes\" \/>\n<script type=\"application\/ld+json\" class=\"yoast-schema-graph\">{\"@context\":\"https:\/\/schema.org\",\"@graph\":[{\"@type\":\"WebPage\",\"@id\":\"https:\/\/www.unxpected.fr\/evenements\/piste-aux-etoiles-2024\/\",\"url\":\"https:\/\/www.unxpected.fr\/evenements\/piste-aux-etoiles-2024\/\",\"name\":\"La Piste aux Etoiles 2024 by Frederic Sausset - UNXPECTED\",\"isPartOf\":{\"@id\":\"https:\/\/www.unxpected.fr\/#website\"},\"primaryImageOfPage\":{\"@id\":\"https:\/\/www.unxpected.fr\/evenements\/piste-aux-etoiles-2024\/#primaryimage\"},\"image\":{\"@id\":\"https:\/\/www.unxpected.fr\/evenements\/piste-aux-etoiles-2024\/#primaryimage\"},\"thumbnailUrl\":\"https:\/\/www.unxpected.fr\/wp-content\/uploads\/2024\/10\/Capture-decran-2024-10-09-a-17.16.12.png\",\"datePublished\":\"2024-10-09T16:25:23+00:00\",\"dateModified\":\"2025-01-21T08:28:56+00:00\",\"description\":\"chantilly art & elegance peter auto 2024 rallye\",\"breadcrumb\":{\"@id\":\"https:\/\/www.unxpected.fr\/evenements\/piste-aux-etoiles-2024\/#breadcrumb\"},\"inLanguage\":\"en-US\",\"potentialAction\":[{\"@type\":\"ReadAction\",\"target\":[\"https:\/\/www.unxpected.fr\/evenements\/piste-aux-etoiles-2024\/\"]}]},{\"@type\":\"ImageObject\",\"inLanguage\":\"en-US\",\"@id\":\"https:\/\/www.unxpected.fr\/evenements\/piste-aux-etoiles-2024\/#primaryimage\",\"url\":\"https:\/\/www.unxpected.fr\/wp-content\/uploads\/2024\/10\/Capture-decran-2024-10-09-a-17.16.12.png\",\"contentUrl\":\"https:\/\/www.unxpected.fr\/wp-content\/uploads\/2024\/10\/Capture-decran-2024-10-09-a-17.16.12.png\",\"width\":1200,\"height\":1210},{\"@type\":\"BreadcrumbList\",\"@id\":\"https:\/\/www.unxpected.fr\/evenements\/piste-aux-etoiles-2024\/#breadcrumb\",\"itemListElement\":[{\"@type\":\"ListItem\",\"position\":1,\"name\":\"Private Porsche Club\",\"item\":\"https:\/\/www.unxpected.fr\/\"},{\"@type\":\"ListItem\",\"position\":2,\"name\":\"Products\",\"item\":\"https:\/\/www.unxpected.fr\/index.php\/shop\/\"},{\"@type\":\"ListItem\",\"position\":3,\"name\":\"\u00c9v\u00e9nements\",\"item\":\"https:\/\/www.unxpected.fr\/evenements\/\"},{\"@type\":\"ListItem\",\"position\":4,\"name\":\"La Piste aux Etoiles 2024 by Frederic Sausset\"}]},{\"@type\":\"WebSite\",\"@id\":\"https:\/\/www.unxpected.fr\/#website\",\"url\":\"https:\/\/www.unxpected.fr\/\",\"name\":\"UNXPECTED\",\"description\":\"Private Porsche Club\",\"publisher\":{\"@id\":\"https:\/\/www.unxpected.fr\/#organization\"},\"potentialAction\":[{\"@type\":\"SearchAction\",\"target\":{\"@type\":\"EntryPoint\",\"urlTemplate\":\"https:\/\/www.unxpected.fr\/?s={search_term_string}\"},\"query-input\":{\"@type\":\"PropertyValueSpecification\",\"valueRequired\":true,\"valueName\":\"search_term_string\"}}],\"inLanguage\":\"en-US\"},{\"@type\":\"Organization\",\"@id\":\"https:\/\/www.unxpected.fr\/#organization\",\"name\":\"UNXPECTED\",\"url\":\"https:\/\/www.unxpected.fr\/\",\"logo\":{\"@type\":\"ImageObject\",\"inLanguage\":\"en-US\",\"@id\":\"https:\/\/www.unxpected.fr\/#\/schema\/logo\/image\/\",\"url\":\"https:\/\/www.unxpected.fr\/wp-content\/uploads\/2023\/07\/cropped-Logo_unxpected_circle_WB.png\",\"contentUrl\":\"https:\/\/www.unxpected.fr\/wp-content\/uploads\/2023\/07\/cropped-Logo_unxpected_circle_WB.png\",\"width\":512,\"height\":512,\"caption\":\"UNXPECTED\"},\"image\":{\"@id\":\"https:\/\/www.unxpected.fr\/#\/schema\/logo\/image\/\"}}]}<\/script>\n<!-- \/ Yoast SEO plugin. -->","yoast_head_json":{"title":"La Piste aux Etoiles 2024 by Frederic Sausset - UNXPECTED","description":"chantilly art &amp; elegance peter auto 2024 rallye","robots":{"index":"index","follow":"follow","max-snippet":"max-snippet:-1","max-image-preview":"max-image-preview:large","max-video-preview":"max-video-preview:-1"},"canonical":"https:\/\/www.unxpected.fr\/en\/evenements\/piste-aux-etoiles-2024\/","og_locale":"en_US","og_type":"article","og_title":"La Piste aux Etoiles 2024 by Frederic Sausset - UNXPECTED","og_description":"chantilly art & elegance peter auto 2024 rallye","og_url":"https:\/\/www.unxpected.fr\/en\/evenements\/piste-aux-etoiles-2024\/","og_site_name":"UNXPECTED","article_modified_time":"2025-01-21T08:28:56+00:00","og_image":[{"width":1016,"height":1024,"url":"https:\/\/www.unxpected.fr\/wp-content\/uploads\/2024\/10\/Capture-decran-2024-10-09-a-17.16.12-1016x1024.png","type":"image\/png"}],"twitter_card":"summary_large_image","twitter_misc":{"Est. reading time":"3 minutes"},"schema":{"@context":"https:\/\/schema.org","@graph":[{"@type":"WebPage","@id":"https:\/\/www.unxpected.fr\/evenements\/piste-aux-etoiles-2024\/","url":"https:\/\/www.unxpected.fr\/evenements\/piste-aux-etoiles-2024\/","name":"La Piste aux Etoiles 2024 by Frederic Sausset - UNXPECTED","isPartOf":{"@id":"https:\/\/www.unxpected.fr\/#website"},"primaryImageOfPage":{"@id":"https:\/\/www.unxpected.fr\/evenements\/piste-aux-etoiles-2024\/#primaryimage"},"image":{"@id":"https:\/\/www.unxpected.fr\/evenements\/piste-aux-etoiles-2024\/#primaryimage"},"thumbnailUrl":"https:\/\/www.unxpected.fr\/wp-content\/uploads\/2024\/10\/Capture-decran-2024-10-09-a-17.16.12.png","datePublished":"2024-10-09T16:25:23+00:00","dateModified":"2025-01-21T08:28:56+00:00","description":"chantilly art &amp; elegance peter auto 2024 rallye","breadcrumb":{"@id":"https:\/\/www.unxpected.fr\/evenements\/piste-aux-etoiles-2024\/#breadcrumb"},"inLanguage":"en-US","potentialAction":[{"@type":"ReadAction","target":["https:\/\/www.unxpected.fr\/evenements\/piste-aux-etoiles-2024\/"]}]},{"@type":"ImageObject","inLanguage":"en-US","@id":"https:\/\/www.unxpected.fr\/evenements\/piste-aux-etoiles-2024\/#primaryimage","url":"https:\/\/www.unxpected.fr\/wp-content\/uploads\/2024\/10\/Capture-decran-2024-10-09-a-17.16.12.png","contentUrl":"https:\/\/www.unxpected.fr\/wp-content\/uploads\/2024\/10\/Capture-decran-2024-10-09-a-17.16.12.png","width":1200,"height":1210},{"@type":"BreadcrumbList","@id":"https:\/\/www.unxpected.fr\/evenements\/piste-aux-etoiles-2024\/#breadcrumb","itemListElement":[{"@type":"ListItem","position":1,"name":"Private Porsche Club","item":"https:\/\/www.unxpected.fr\/"},{"@type":"ListItem","position":2,"name":"Products","item":"https:\/\/www.unxpected.fr\/index.php\/shop\/"},{"@type":"ListItem","position":3,"name":"\u00c9v\u00e9nements","item":"https:\/\/www.unxpected.fr\/evenements\/"},{"@type":"ListItem","position":4,"name":"La Piste aux Etoiles 2024 by Frederic Sausset"}]},{"@type":"WebSite","@id":"https:\/\/www.unxpected.fr\/#website","url":"https:\/\/www.unxpected.fr\/","name":"UNXPECTED","description":"Private Porsche Club","publisher":{"@id":"https:\/\/www.unxpected.fr\/#organization"},"potentialAction":[{"@type":"SearchAction","target":{"@type":"EntryPoint","urlTemplate":"https:\/\/www.unxpected.fr\/?s={search_term_string}"},"query-input":{"@type":"PropertyValueSpecification","valueRequired":true,"valueName":"search_term_string"}}],"inLanguage":"en-US"},{"@type":"Organization","@id":"https:\/\/www.unxpected.fr\/#organization","name":"UNXPECTED","url":"https:\/\/www.unxpected.fr\/","logo":{"@type":"ImageObject","inLanguage":"en-US","@id":"https:\/\/www.unxpected.fr\/#\/schema\/logo\/image\/","url":"https:\/\/www.unxpected.fr\/wp-content\/uploads\/2023\/07\/cropped-Logo_unxpected_circle_WB.png","contentUrl":"https:\/\/www.unxpected.fr\/wp-content\/uploads\/2023\/07\/cropped-Logo_unxpected_circle_WB.png","width":512,"height":512,"caption":"UNXPECTED"},"image":{"@id":"https:\/\/www.unxpected.fr\/#\/schema\/logo\/image\/"}}]}},"_links":{"self":[{"href":"https:\/\/www.unxpected.fr\/en\/wp-json\/wp\/v2\/product\/5736","targetHints":{"allow":["GET"]}}],"collection":[{"href":"https:\/\/www.unxpected.fr\/en\/wp-json\/wp\/v2\/product"}],"about":[{"href":"https:\/\/www.unxpected.fr\/en\/wp-json\/wp\/v2\/types\/product"}],"version-history":[{"count":15,"href":"https:\/\/www.unxpected.fr\/en\/wp-json\/wp\/v2\/product\/5736\/revisions"}],"predecessor-version":[{"id":5781,"href":"https:\/\/www.unxpected.fr\/en\/wp-json\/wp\/v2\/product\/5736\/revisions\/5781"}],"wp:featuredmedia":[{"embeddable":true,"href":"https:\/\/www.unxpected.fr\/en\/wp-json\/wp\/v2\/media\/5739"}],"wp:attachment":[{"href":"https:\/\/www.unxpected.fr\/en\/wp-json\/wp\/v2\/media?parent=5736"}],"wp:term":[{"taxonomy":"product_brand","embeddable":true,"href":"https:\/\/www.unxpected.fr\/en\/wp-json\/wp\/v2\/product_brand?post=5736"},{"taxonomy":"product_cat","embeddable":true,"href":"https:\/\/www.unxpected.fr\/en\/wp-json\/wp\/v2\/product_cat?post=5736"},{"taxonomy":"product_tag","embeddable":true,"href":"https:\/\/www.unxpected.fr\/en\/wp-json\/wp\/v2\/product_tag?post=5736"}],"curies":[{"name":"wp","href":"https:\/\/api.w.org\/{rel}","templated":true}]}}