{"id":5487,"date":"2024-03-26T15:51:11","date_gmt":"2024-03-26T14:51:11","guid":{"rendered":"https:\/\/www.unxpected.fr\/?post_type=product&#038;p=5487"},"modified":"2026-03-05T09:41:59","modified_gmt":"2026-03-05T08:41:59","slug":"ventoux-sur-routes-fermees-2024","status":"publish","type":"product","link":"https:\/\/www.unxpected.fr\/en\/evenements\/ventoux-sur-routes-fermees-2024\/","title":{"rendered":"Ventoux on closed roads 2024"},"content":{"rendered":"\t\t<div data-elementor-type=\"product-post\" data-elementor-id=\"5487\" class=\"elementor elementor-5487\" data-elementor-post-type=\"product\">\n\t\t\t\t<div class=\"elementor-element elementor-element-b8f6527 e-flex e-con-boxed e-con e-parent\" data-id=\"b8f6527\" data-element_type=\"container\" data-e-type=\"container\">\n\t\t\t\t\t<div class=\"e-con-inner\">\n\t\t\t\t<div class=\"elementor-element elementor-element-9e8acd7 elementor-widget elementor-widget-text-editor\" data-id=\"9e8acd7\" data-element_type=\"widget\" data-e-type=\"widget\" data-widget_type=\"text-editor.default\">\n\t\t\t\t<div class=\"elementor-widget-container\">\n\t\t\t\t\t\t\t\t\t<p class=\"cvGsUA direction-ltr align-justify para-style-body\"><span class=\"OYPEnA text-decoration-none text-strikethrough-none\">Le Ventoux&#8230; voici un lieu qui m&rsquo;est cher ! Lorsque j&rsquo;ai fait l&rsquo;acquisition de ma Porsche 997 GTS, c&rsquo;est ici que j&rsquo;ai organis\u00e9, seul, mon 1er road trip. Pourquoi ce choix ? Parce que la r\u00e9gion est magnifique, les routes incroyables, et les restaurants d\u00e9licieux !<\/span> <span class=\"OYPEnA text-decoration-none text-strikethrough-none\">Un voyage donc qui, je le savais, allait allier plaisir de conduire et art de vivre. <\/span><span class=\"OYPEnA text-decoration-none text-strikethrough-none\">Avec ce road trip, je vous emm\u00e8ne ainsi aux racines de ma passion pour l&rsquo;automobile, pour Porsche et pour le Luberon.<\/span><\/p><p class=\"cvGsUA direction-ltr align-justify para-style-body\"><span class=\"OYPEnA text-decoration-none text-strikethrough-none\">Pour des moments inoubliables, voici le programme que je vous propose :<\/span><\/p><ul><li><span class=\"OYPEnA text-decoration-none text-strikethrough-none\">un s\u00e9jour dans un hotel fonctionnant comme une maison d&rsquo;amis o\u00f9 on se sent comme \u00e0 la masion.<\/span><\/li><li><span class=\"OYPEnA text-decoration-none text-strikethrough-none\">une balade de Lourmarin \u00e0 Gordes entre champs de lavandes et falaises vertigineuses<\/span><\/li><li><span class=\"OYPEnA text-decoration-none text-strikethrough-none\">2 rallyes s\u00e9curis\u00e9s sur routes priv\u00e9es dans les Gorges de la Nesque et sur le Mont Ventoux<\/span><\/li><li><span class=\"OYPEnA text-decoration-none text-strikethrough-none\">des repas gastronomiques dans les meilleurs \u00e9tablissements de la r\u00e9gion<\/span><\/li><li><span class=\"OYPEnA text-decoration-none text-strikethrough-none\">et quelques surprises bien-s\u00fbr&#8230;.\u00a0<\/span><\/li><\/ul><p>Allier sport, plaisir, rencontres et gastronomie dans une ambiance amicale et conviviale, proposer l&rsquo;exceptionnel et parfois m\u00eame l&rsquo;inattendu avec des surprises dont j&rsquo;ai le secret, voici les \u00e9l\u00e9ments qui font la signature des \u00e9v\u00e8nements organis\u00e9s par UNXPECTED.<\/p><p class=\"cvGsUA direction-ltr align-justify para-style-body\"><a class=\"OYPEnA text-decoration-underline text-strikethrough-none\" draggable=\"false\" href=\"https:\/\/www.instagram.com\/brubru92200\/\" target=\"_blank\" rel=\"noopener\">Jerome BRUGNAGO<\/a><span class=\"OYPEnA text-decoration-none text-strikethrough-none\">, fondateur de <\/span><a class=\"OYPEnA text-decoration-underline text-strikethrough-none\" draggable=\"false\" href=\"https:\/\/www.unxpected.fr\" target=\"_blank\" rel=\"noopener\">UNXPECTED<\/a><\/p>\t\t\t\t\t\t\t\t<\/div>\n\t\t\t\t<\/div>\n\t\t\t\t\t<\/div>\n\t\t\t\t<\/div>\n\t\t<div class=\"elementor-element elementor-element-8d472c5 e-con-full e-flex e-con e-parent\" data-id=\"8d472c5\" data-element_type=\"container\" data-e-type=\"container\">\n\t\t<div class=\"elementor-element elementor-element-b1acf91 e-con-full e-flex e-con e-parent\" data-id=\"b1acf91\" data-element_type=\"container\" data-e-type=\"container\">\n\t\t<div class=\"elementor-element elementor-element-cdbd5fb e-con-full e-flex e-con e-parent\" data-id=\"cdbd5fb\" data-element_type=\"container\" data-e-type=\"container\" data-settings=\"{&quot;background_background&quot;:&quot;slideshow&quot;,&quot;background_slideshow_gallery&quot;:[{&quot;id&quot;:5679,&quot;url&quot;:&quot;https:\\\/\\\/www.unxpected.fr\\\/wp-content\\\/uploads\\\/2024\\\/09\\\/vue.jpeg&quot;},{&quot;id&quot;:5680,&quot;url&quot;:&quot;https:\\\/\\\/www.unxpected.fr\\\/wp-content\\\/uploads\\\/2024\\\/09\\\/terrasse.jpg&quot;},{&quot;id&quot;:5681,&quot;url&quot;:&quot;https:\\\/\\\/www.unxpected.fr\\\/wp-content\\\/uploads\\\/2024\\\/09\\\/chambre-2.jpg&quot;},{&quot;id&quot;:5682,&quot;url&quot;:&quot;https:\\\/\\\/www.unxpected.fr\\\/wp-content\\\/uploads\\\/2024\\\/09\\\/chambre-1.jpg&quot;},{&quot;id&quot;:5683,&quot;url&quot;:&quot;https:\\\/\\\/www.unxpected.fr\\\/wp-content\\\/uploads\\\/2024\\\/09\\\/piscine.jpg&quot;}],&quot;background_slideshow_loop&quot;:&quot;yes&quot;,&quot;background_slideshow_slide_duration&quot;:5000,&quot;background_slideshow_slide_transition&quot;:&quot;fade&quot;,&quot;background_slideshow_transition_duration&quot;:500}\">\n\t\t\t\t<div class=\"elementor-element elementor-element-64afd03 elementor-widget elementor-widget-spacer\" data-id=\"64afd03\" data-element_type=\"widget\" data-e-type=\"widget\" data-widget_type=\"spacer.default\">\n\t\t\t\t<div class=\"elementor-widget-container\">\n\t\t\t\t\t\t\t<div class=\"elementor-spacer\">\n\t\t\t<div class=\"elementor-spacer-inner\"><\/div>\n\t\t<\/div>\n\t\t\t\t\t\t<\/div>\n\t\t\t\t<\/div>\n\t\t\t\t<\/div>\n\t\t<div class=\"elementor-element elementor-element-8db3344 e-con-full e-flex e-con e-parent\" data-id=\"8db3344\" data-element_type=\"container\" data-e-type=\"container\">\n\t\t\t\t<div class=\"elementor-element elementor-element-98d1a4e elementor-widget elementor-widget-heading\" data-id=\"98d1a4e\" data-element_type=\"widget\" data-e-type=\"widget\" data-widget_type=\"heading.default\">\n\t\t\t\t<div class=\"elementor-widget-container\">\n\t\t\t\t\t<h2 class=\"elementor-heading-title elementor-size-default\">Hotel 4* <\/h2>\t\t\t\t<\/div>\n\t\t\t\t<\/div>\n\t\t\t\t<div class=\"elementor-element elementor-element-41f8baa elementor-widget elementor-widget-text-editor\" data-id=\"41f8baa\" data-element_type=\"widget\" data-e-type=\"widget\" data-widget_type=\"text-editor.default\">\n\t\t\t\t<div class=\"elementor-widget-container\">\n\t\t\t\t\t\t\t\t\t<p style=\"overflow-wrap: break-word; margin: 0px; quotes: '\u00ab ' ' \u00bb'; font-size: calc(12.25px + 0.234375vw); text-align: justify; color: #3e3f46; font-family: Montserrat, sans-serif; letter-spacing: normal; background-color: #f8f9fa;\">Savant dosage de confort design, de luxe discret et d\u2019ambiance zen, l\u2019h\u00f4tel s\u2019habille de meubles anciens chin\u00e9s d\u2019origines multiples et de cr\u00e9ations de designer pour donner cette atmosph\u00e8re unique.<\/p><p style=\"overflow-wrap: break-word; margin: 0px; quotes: '\u00ab ' ' \u00bb'; font-size: calc(12.25px + 0.234375vw); text-align: justify; color: #3e3f46; font-family: Montserrat, sans-serif; letter-spacing: normal; background-color: #f8f9fa;\">Vous vous sentez comme chez vous dans l\u2019h\u00f4tel et au bord de la piscine. Vous appr\u00e9ciez le bar et le salon tr\u00e8s cosy, lieu propice aux rencontres amicales.<\/p>\t\t\t\t\t\t\t\t<\/div>\n\t\t\t\t<\/div>\n\t\t\t\t<\/div>\n\t\t\t\t<\/div>\n\t\t\t\t<\/div>\n\t\t<div class=\"elementor-element elementor-element-deadaed e-con-full e-flex e-con e-parent\" data-id=\"deadaed\" data-element_type=\"container\" data-e-type=\"container\">\n\t\t<div class=\"elementor-element elementor-element-61fb8e6 e-con-full e-flex e-con e-parent\" data-id=\"61fb8e6\" data-element_type=\"container\" data-e-type=\"container\" data-settings=\"{&quot;background_background&quot;:&quot;classic&quot;}\">\n\t\t\t\t<div class=\"elementor-element elementor-element-0209937 elementor-widget elementor-widget-spacer\" data-id=\"0209937\" data-element_type=\"widget\" data-e-type=\"widget\" data-widget_type=\"spacer.default\">\n\t\t\t\t<div class=\"elementor-widget-container\">\n\t\t\t\t\t\t\t<div class=\"elementor-spacer\">\n\t\t\t<div class=\"elementor-spacer-inner\"><\/div>\n\t\t<\/div>\n\t\t\t\t\t\t<\/div>\n\t\t\t\t<\/div>\n\t\t\t\t<\/div>\n\t\t<div class=\"elementor-element elementor-element-0d6646d e-con-full e-flex e-con e-parent\" data-id=\"0d6646d\" data-element_type=\"container\" data-e-type=\"container\">\n\t\t\t\t<div class=\"elementor-element elementor-element-2e0f584 elementor-widget elementor-widget-heading\" data-id=\"2e0f584\" data-element_type=\"widget\" data-e-type=\"widget\" data-widget_type=\"heading.default\">\n\t\t\t\t<div class=\"elementor-widget-container\">\n\t\t\t\t\t<h2 class=\"elementor-heading-title elementor-size-default\">Roadbook dans le Lub\u00e9ron<\/h2>\t\t\t\t<\/div>\n\t\t\t\t<\/div>\n\t\t\t\t<div class=\"elementor-element elementor-element-1c78cc7 elementor-widget elementor-widget-text-editor\" data-id=\"1c78cc7\" data-element_type=\"widget\" data-e-type=\"widget\" data-widget_type=\"text-editor.default\">\n\t\t\t\t<div class=\"elementor-widget-container\">\n\t\t\t\t\t\t\t\t\t<p><strong>Samedi :<\/strong> Nous traverserons le Luberon par ses plus belles routes, de Lourmarin \u00e0 Gordes, tous deux class\u00e9s plus beaux villages de France.<\/p><p>Nous emprunterons la route de la Combe de Lourmarin, la RD943. Creus\u00e9e dans le massif calcaire, elle est l&rsquo;unique voie de passage pour traverser le Luberon et relier le Pays d&rsquo;Apt ou Pays d&rsquo;Aigues. Nous profiterons ainsi des panoramas grandioses qu&rsquo;elle offre, entre falaises vertigineuses et nature sauvage.<\/p><p>\u00a0<\/p>\t\t\t\t\t\t\t\t<\/div>\n\t\t\t\t<\/div>\n\t\t\t\t<\/div>\n\t\t\t\t<\/div>\n\t\t<div class=\"elementor-element elementor-element-092e322 e-flex e-con-boxed e-con e-parent\" data-id=\"092e322\" data-element_type=\"container\" data-e-type=\"container\">\n\t\t\t\t\t<div class=\"e-con-inner\">\n\t\t<div class=\"elementor-element elementor-element-7e2759c e-con-full e-flex e-con e-parent\" data-id=\"7e2759c\" data-element_type=\"container\" data-e-type=\"container\">\n\t\t<div class=\"elementor-element elementor-element-847be18 e-con-full e-flex e-con e-parent\" data-id=\"847be18\" data-element_type=\"container\" data-e-type=\"container\" data-settings=\"{&quot;background_background&quot;:&quot;slideshow&quot;,&quot;background_slideshow_gallery&quot;:[{&quot;id&quot;:5693,&quot;url&quot;:&quot;https:\\\/\\\/www.unxpected.fr\\\/wp-content\\\/uploads\\\/2024\\\/09\\\/UnXpected-1001-332.jpg&quot;},{&quot;id&quot;:5694,&quot;url&quot;:&quot;https:\\\/\\\/www.unxpected.fr\\\/wp-content\\\/uploads\\\/2024\\\/09\\\/UnXpected-1001-315.jpg&quot;},{&quot;id&quot;:5695,&quot;url&quot;:&quot;https:\\\/\\\/www.unxpected.fr\\\/wp-content\\\/uploads\\\/2024\\\/09\\\/UnXpected-1001-305-2.jpg&quot;},{&quot;id&quot;:5696,&quot;url&quot;:&quot;https:\\\/\\\/www.unxpected.fr\\\/wp-content\\\/uploads\\\/2024\\\/09\\\/UnXpected-1001-299.jpg&quot;},{&quot;id&quot;:5688,&quot;url&quot;:&quot;https:\\\/\\\/www.unxpected.fr\\\/wp-content\\\/uploads\\\/2024\\\/09\\\/UnXpected-1001-330-2.jpg&quot;}],&quot;background_slideshow_loop&quot;:&quot;yes&quot;,&quot;background_slideshow_slide_duration&quot;:5000,&quot;background_slideshow_slide_transition&quot;:&quot;fade&quot;,&quot;background_slideshow_transition_duration&quot;:500}\">\n\t\t\t\t<div class=\"elementor-element elementor-element-33d6f99 elementor-widget elementor-widget-spacer\" data-id=\"33d6f99\" data-element_type=\"widget\" data-e-type=\"widget\" data-widget_type=\"spacer.default\">\n\t\t\t\t<div class=\"elementor-widget-container\">\n\t\t\t\t\t\t\t<div class=\"elementor-spacer\">\n\t\t\t<div class=\"elementor-spacer-inner\"><\/div>\n\t\t<\/div>\n\t\t\t\t\t\t<\/div>\n\t\t\t\t<\/div>\n\t\t\t\t<\/div>\n\t\t<div class=\"elementor-element elementor-element-3eba9b1 e-con-full e-flex e-con e-parent\" data-id=\"3eba9b1\" data-element_type=\"container\" data-e-type=\"container\">\n\t\t\t\t<div class=\"elementor-element elementor-element-b64e5d7 elementor-widget elementor-widget-heading\" data-id=\"b64e5d7\" data-element_type=\"widget\" data-e-type=\"widget\" data-widget_type=\"heading.default\">\n\t\t\t\t<div class=\"elementor-widget-container\">\n\t\t\t\t\t<h2 class=\"elementor-heading-title elementor-size-default\">Rallye - Gorges de la Nesque sur route ferm\u00e9e<\/h2>\t\t\t\t<\/div>\n\t\t\t\t<\/div>\n\t\t\t\t<div class=\"elementor-element elementor-element-f86e64e elementor-widget elementor-widget-text-editor\" data-id=\"f86e64e\" data-element_type=\"widget\" data-e-type=\"widget\" data-widget_type=\"text-editor.default\">\n\t\t\t\t<div class=\"elementor-widget-container\">\n\t\t\t\t\t\t\t\t\t<p><strong>Dimanche matin :<\/strong> <span class=\"OYPEnA text-decoration-none text-strikethrough-none\">Nous aurons le plaisir de pouvoir profiter des 26 km des Gorges de la Nesque privatis\u00e9s pour nous toute la matin\u00e9e, au d\u00e9part de Villes-sur-Auzon sur<\/span> <span class=\"OYPEnA text-decoration-none text-strikethrough-none\">jusqu&rsquo;\u00e0 Monieux ! La spectaculaire route D942 de ce canyon sauvage est jalonn\u00e9e de tunnels et de belv\u00e9d\u00e8res offrant des sensations de conduites inoubliables. Nous parcourrons la route plusieurs fois en boucle routi\u00e8re fa\u00e7on liaison de rallye (sans<\/span> <span class=\"OYPEnA text-decoration-none text-strikethrough-none\">chronom\u00e8tre).<\/span><\/p><p class=\"cvGsUA direction-ltr align-justify para-style-body\"><span class=\"OYPEnA text-decoration-none text-strikethrough-none\">Seront pr\u00e9sents sur place commissaires de pistes licenci\u00e9s FFSA, extincteurs, d\u00e9panneuse, ambulance, pompiers, m\u00e9decins urgentistes, relais radio d\u00e9di\u00e9 afin d\u2019assurer votre s\u00e9curit\u00e9.<\/span><\/p>\t\t\t\t\t\t\t\t<\/div>\n\t\t\t\t<\/div>\n\t\t\t\t<\/div>\n\t\t\t\t<\/div>\n\t\t\t\t\t<\/div>\n\t\t\t\t<\/div>\n\t\t<div class=\"elementor-element elementor-element-cb45a6c e-flex e-con-boxed e-con e-parent\" data-id=\"cb45a6c\" data-element_type=\"container\" data-e-type=\"container\">\n\t\t\t\t\t<div class=\"e-con-inner\">\n\t\t<div class=\"elementor-element elementor-element-9df5034 e-con-full e-flex e-con e-parent\" data-id=\"9df5034\" data-element_type=\"container\" data-e-type=\"container\">\n\t\t<div class=\"elementor-element elementor-element-2246201 e-con-full e-flex e-con e-parent\" data-id=\"2246201\" data-element_type=\"container\" data-e-type=\"container\" data-settings=\"{&quot;background_background&quot;:&quot;classic&quot;}\">\n\t\t\t\t<div class=\"elementor-element elementor-element-9aa3d64 elementor-widget elementor-widget-spacer\" data-id=\"9aa3d64\" data-element_type=\"widget\" data-e-type=\"widget\" data-widget_type=\"spacer.default\">\n\t\t\t\t<div class=\"elementor-widget-container\">\n\t\t\t\t\t\t\t<div class=\"elementor-spacer\">\n\t\t\t<div class=\"elementor-spacer-inner\"><\/div>\n\t\t<\/div>\n\t\t\t\t\t\t<\/div>\n\t\t\t\t<\/div>\n\t\t\t\t<\/div>\n\t\t<div class=\"elementor-element elementor-element-0f58c36 e-con-full e-flex e-con e-parent\" data-id=\"0f58c36\" data-element_type=\"container\" data-e-type=\"container\">\n\t\t\t\t<div class=\"elementor-element elementor-element-fe33b2d elementor-widget elementor-widget-heading\" data-id=\"fe33b2d\" data-element_type=\"widget\" data-e-type=\"widget\" data-widget_type=\"heading.default\">\n\t\t\t\t<div class=\"elementor-widget-container\">\n\t\t\t\t\t<h2 class=\"elementor-heading-title elementor-size-default\">Les Lavandes<\/h2>\t\t\t\t<\/div>\n\t\t\t\t<\/div>\n\t\t\t\t<div class=\"elementor-element elementor-element-29b6b7b elementor-widget elementor-widget-text-editor\" data-id=\"29b6b7b\" data-element_type=\"widget\" data-e-type=\"widget\" data-widget_type=\"text-editor.default\">\n\t\t\t\t<div class=\"elementor-widget-container\">\n\t\t\t\t\t\t\t\t\t<p><strong><span class=\"OYPEnA text-decoration-none text-strikethrough-none\">Dimanche midi : <\/span><\/strong><span class=\"OYPEnA text-decoration-none text-strikethrough-none\">D\u00e9jeuner au restaurant <a class=\"OYPEnA text-decoration-underline text-strikethrough-none\" draggable=\"false\" href=\"https:\/\/www.restaurant-les-lavandes.fr\" target=\"_blank\" rel=\"noopener\">Les Lavandes<\/a> \u00e0 Monieux. L&rsquo;\u00e9tablissement met \u00e0 l&rsquo;honneur les tr\u00e9sors du terroir tels que truffe, petit \u00e9peautre. fromages et agneau du Ventoux. Autour de la fontaine et \u00e0 l&rsquo;ombre des platanes et marronniers, la terrasse offre un moment paisible et rafra\u00eechissant.<\/span><\/p>\t\t\t\t\t\t\t\t<\/div>\n\t\t\t\t<\/div>\n\t\t\t\t<div class=\"elementor-element elementor-element-e218806 elementor-widget elementor-widget-button\" data-id=\"e218806\" data-element_type=\"widget\" data-e-type=\"widget\" data-widget_type=\"button.default\">\n\t\t\t\t<div class=\"elementor-widget-container\">\n\t\t\t\t\t\t\t\t\t<div class=\"elementor-button-wrapper\">\n\t\t\t\t\t<a class=\"elementor-button elementor-button-link elementor-size-sm\" href=\"https:\/\/www.restaurant-les-lavandes.fr\/\">\n\t\t\t\t\t\t<span class=\"elementor-button-content-wrapper\">\n\t\t\t\t\t\t<span class=\"elementor-button-icon\">\n\t\t\t\t<svg aria-hidden=\"true\" class=\"e-font-icon-svg e-fas-chevron-right\" viewBox=\"0 0 320 512\" xmlns=\"http:\/\/www.w3.org\/2000\/svg\"><path d=\"M285.476 272.971L91.132 467.314c-9.373 9.373-24.569 9.373-33.941 0l-22.667-22.667c-9.357-9.357-9.375-24.522-.04-33.901L188.505 256 34.484 101.255c-9.335-9.379-9.317-24.544.04-33.901l22.667-22.667c9.373-9.373 24.569-9.373 33.941 0L285.475 239.03c9.373 9.372 9.373 24.568.001 33.941z\"><\/path><\/svg>\t\t\t<\/span>\n\t\t\t\t\t\t\t\t\t<span class=\"elementor-button-text\">En savoir plus<\/span>\n\t\t\t\t\t<\/span>\n\t\t\t\t\t<\/a>\n\t\t\t\t<\/div>\n\t\t\t\t\t\t\t\t<\/div>\n\t\t\t\t<\/div>\n\t\t\t\t<\/div>\n\t\t\t\t<\/div>\n\t\t\t\t\t<\/div>\n\t\t\t\t<\/div>\n\t\t<div class=\"elementor-element elementor-element-0a3fcc3 e-flex e-con-boxed e-con e-parent\" data-id=\"0a3fcc3\" data-element_type=\"container\" data-e-type=\"container\">\n\t\t\t\t\t<div class=\"e-con-inner\">\n\t\t<div class=\"elementor-element elementor-element-de7ae98 e-con-full e-flex e-con e-parent\" data-id=\"de7ae98\" data-element_type=\"container\" data-e-type=\"container\">\n\t\t<div class=\"elementor-element elementor-element-e750245 e-con-full e-flex e-con e-parent\" data-id=\"e750245\" data-element_type=\"container\" data-e-type=\"container\" data-settings=\"{&quot;background_background&quot;:&quot;slideshow&quot;,&quot;background_slideshow_gallery&quot;:[{&quot;id&quot;:5685,&quot;url&quot;:&quot;https:\\\/\\\/www.unxpected.fr\\\/wp-content\\\/uploads\\\/2024\\\/09\\\/UnXpected-1001-466.jpg&quot;},{&quot;id&quot;:5690,&quot;url&quot;:&quot;https:\\\/\\\/www.unxpected.fr\\\/wp-content\\\/uploads\\\/2024\\\/09\\\/UnXpected-1001-495.jpg&quot;},{&quot;id&quot;:5687,&quot;url&quot;:&quot;https:\\\/\\\/www.unxpected.fr\\\/wp-content\\\/uploads\\\/2024\\\/09\\\/UnXpected-1001-276.jpg&quot;},{&quot;id&quot;:5686,&quot;url&quot;:&quot;https:\\\/\\\/www.unxpected.fr\\\/wp-content\\\/uploads\\\/2024\\\/09\\\/UnXpected-1001-273.jpg&quot;},{&quot;id&quot;:5684,&quot;url&quot;:&quot;https:\\\/\\\/www.unxpected.fr\\\/wp-content\\\/uploads\\\/2024\\\/09\\\/UnXpected-1001-530.jpg&quot;}],&quot;background_slideshow_loop&quot;:&quot;yes&quot;,&quot;background_slideshow_slide_duration&quot;:5000,&quot;background_slideshow_slide_transition&quot;:&quot;fade&quot;,&quot;background_slideshow_transition_duration&quot;:500}\">\n\t\t\t\t<div class=\"elementor-element elementor-element-3340ca1 elementor-widget elementor-widget-spacer\" data-id=\"3340ca1\" data-element_type=\"widget\" data-e-type=\"widget\" data-widget_type=\"spacer.default\">\n\t\t\t\t<div class=\"elementor-widget-container\">\n\t\t\t\t\t\t\t<div class=\"elementor-spacer\">\n\t\t\t<div class=\"elementor-spacer-inner\"><\/div>\n\t\t<\/div>\n\t\t\t\t\t\t<\/div>\n\t\t\t\t<\/div>\n\t\t\t\t<\/div>\n\t\t<div class=\"elementor-element elementor-element-e8fe847 e-con-full e-flex e-con e-parent\" data-id=\"e8fe847\" data-element_type=\"container\" data-e-type=\"container\">\n\t\t\t\t<div class=\"elementor-element elementor-element-f5400a5 elementor-widget elementor-widget-heading\" data-id=\"f5400a5\" data-element_type=\"widget\" data-e-type=\"widget\" data-widget_type=\"heading.default\">\n\t\t\t\t<div class=\"elementor-widget-container\">\n\t\t\t\t\t<h2 class=\"elementor-heading-title elementor-size-default\">Course de c\u00f4te du Ventoux sur route ferm\u00e9e<\/h2>\t\t\t\t<\/div>\n\t\t\t\t<\/div>\n\t\t\t\t<div class=\"elementor-element elementor-element-ef7359e elementor-widget elementor-widget-text-editor\" data-id=\"ef7359e\" data-element_type=\"widget\" data-e-type=\"widget\" data-widget_type=\"text-editor.default\">\n\t\t\t\t<div class=\"elementor-widget-container\">\n\t\t\t\t\t\t\t\t\t<p><strong>Dimanche APM :<\/strong><\/p><p class=\"cvGsUA direction-ltr align-justify para-style-body\"><span class=\"OYPEnA text-decoration-none text-strikethrough-none\">L&rsquo;apr\u00e8s-midi, sur la mont\u00e9e de Sault au milieu de la for\u00eat, 12 km de route du c\u00e9l\u00e8bre trac\u00e9 de la course de c\u00f4te du Ventoux nous seront r\u00e9serv\u00e9s, jusqu&rsquo;au Chalet Reynard. <\/span><span class=\"OYPEnA text-decoration-none text-strikethrough-none\">Nous la parcourrons en aller\/retour fa\u00e7on course de c\u00f4te (sans chronom\u00e8tre).<\/span><\/p><p class=\"cvGsUA direction-ltr align-justify para-style-body\"><span class=\"OYPEnA text-decoration-none text-strikethrough-none\">Seront pr\u00e9sents sur place commissaires de pistes licenci\u00e9s FFSA, extincteurs, d\u00e9panneuse, ambulance, pompiers, m\u00e9decins urgentistes, relais radio d\u00e9di\u00e9 afin d\u2019assurer votre s\u00e9curit\u00e9.<\/span><\/p>\t\t\t\t\t\t\t\t<\/div>\n\t\t\t\t<\/div>\n\t\t\t\t<\/div>\n\t\t\t\t<\/div>\n\t\t\t\t\t<\/div>\n\t\t\t\t<\/div>\n\t\t\t\t<\/div>\n\t\t","protected":false},"excerpt":{"rendered":"<p>Roadtrip around the G\u00e9ant de Provence<\/p>","protected":false},"featured_media":3868,"template":"","meta":{"_acf_changed":false},"product_brand":[],"product_cat":[23,28],"product_tag":[42],"class_list":{"0":"post-5487","1":"product","2":"type-product","3":"status-publish","4":"has-post-thumbnail","6":"product_cat-evenements","7":"product_cat-evenements-passes","8":"product_tag-test","10":"first","11":"outofstock","12":"downloadable","13":"taxable","14":"shipping-taxable","15":"purchasable","16":"product-type-simple"},"acf":[],"yoast_head":"<!-- This site is optimized with the Yoast SEO plugin v27.1.1 - https:\/\/yoast.com\/product\/yoast-seo-wordpress\/ -->\n<title>Ventoux sur routes ferm\u00e9es 2024 - UNXPECTED<\/title>\n<meta name=\"description\" content=\"Pr\u00e9parez-vous pour un week-end inoubliable au c\u0153ur de la Provence, entre routes privatis\u00e9es et paysages \u00e9poustouflants ! trac\u00e9 1 : Rallye non chronom\u00e9tr\u00e9 dans les Gorges de la Nesque, une route sauvage et spectaculaire de 26 km rien que pour nous \ud83d\ude97\ud83d\udca8 \ud83d\udd39 trac\u00e9 2 : Course de c\u00f4te non chronom\u00e9tr\u00e9e sur le Mont Ventoux, 12 km du trac\u00e9 mythique r\u00e9serv\u00e9s exclusivement pour notre groupe \ud83c\udf1f\ud83c\udfc1\" \/>\n<meta name=\"robots\" content=\"index, follow, max-snippet:-1, max-image-preview:large, max-video-preview:-1\" \/>\n<link rel=\"canonical\" href=\"https:\/\/www.unxpected.fr\/en\/evenements\/ventoux-sur-routes-fermees-2024\/\" \/>\n<meta property=\"og:locale\" content=\"en_US\" \/>\n<meta property=\"og:type\" content=\"article\" \/>\n<meta property=\"og:title\" content=\"Ventoux sur routes ferm\u00e9es 2024 - UNXPECTED\" \/>\n<meta property=\"og:description\" content=\"Pr\u00e9parez-vous pour un week-end inoubliable au c\u0153ur de la Provence, entre routes privatis\u00e9es et paysages \u00e9poustouflants ! trac\u00e9 1 : Rallye non chronom\u00e9tr\u00e9 dans les Gorges de la Nesque, une route sauvage et spectaculaire de 26 km rien que pour nous \ud83d\ude97\ud83d\udca8 \ud83d\udd39 trac\u00e9 2 : Course de c\u00f4te non chronom\u00e9tr\u00e9e sur le Mont Ventoux, 12 km du trac\u00e9 mythique r\u00e9serv\u00e9s exclusivement pour notre groupe \ud83c\udf1f\ud83c\udfc1\" \/>\n<meta property=\"og:url\" content=\"https:\/\/www.unxpected.fr\/en\/evenements\/ventoux-sur-routes-fermees-2024\/\" \/>\n<meta property=\"og:site_name\" content=\"UNXPECTED\" \/>\n<meta property=\"article:modified_time\" content=\"2026-03-05T08:41:59+00:00\" \/>\n<meta property=\"og:image\" content=\"https:\/\/www.unxpected.fr\/wp-content\/uploads\/2023\/09\/VENT.png\" \/>\n\t<meta property=\"og:image:width\" content=\"1338\" \/>\n\t<meta property=\"og:image:height\" content=\"888\" \/>\n\t<meta property=\"og:image:type\" content=\"image\/png\" \/>\n<meta name=\"twitter:card\" content=\"summary_large_image\" \/>\n<meta name=\"twitter:label1\" content=\"Est. reading time\" \/>\n\t<meta name=\"twitter:data1\" content=\"4 minutes\" \/>\n<script type=\"application\/ld+json\" class=\"yoast-schema-graph\">{\"@context\":\"https:\/\/schema.org\",\"@graph\":[{\"@type\":\"WebPage\",\"@id\":\"https:\/\/www.unxpected.fr\/evenements\/ventoux-sur-routes-fermees-2024\/\",\"url\":\"https:\/\/www.unxpected.fr\/evenements\/ventoux-sur-routes-fermees-2024\/\",\"name\":\"Ventoux sur routes ferm\u00e9es 2024 - UNXPECTED\",\"isPartOf\":{\"@id\":\"https:\/\/www.unxpected.fr\/#website\"},\"primaryImageOfPage\":{\"@id\":\"https:\/\/www.unxpected.fr\/evenements\/ventoux-sur-routes-fermees-2024\/#primaryimage\"},\"image\":{\"@id\":\"https:\/\/www.unxpected.fr\/evenements\/ventoux-sur-routes-fermees-2024\/#primaryimage\"},\"thumbnailUrl\":\"https:\/\/www.unxpected.fr\/wp-content\/uploads\/2023\/09\/VENT.png\",\"datePublished\":\"2024-03-26T14:51:11+00:00\",\"dateModified\":\"2026-03-05T08:41:59+00:00\",\"description\":\"Pr\u00e9parez-vous pour un week-end inoubliable au c\u0153ur de la Provence, entre routes privatis\u00e9es et paysages \u00e9poustouflants ! trac\u00e9 1 : Rallye non chronom\u00e9tr\u00e9 dans les Gorges de la Nesque, une route sauvage et spectaculaire de 26 km rien que pour nous \ud83d\ude97\ud83d\udca8 \ud83d\udd39 trac\u00e9 2 : Course de c\u00f4te non chronom\u00e9tr\u00e9e sur le Mont Ventoux, 12 km du trac\u00e9 mythique r\u00e9serv\u00e9s exclusivement pour notre groupe \ud83c\udf1f\ud83c\udfc1\",\"breadcrumb\":{\"@id\":\"https:\/\/www.unxpected.fr\/evenements\/ventoux-sur-routes-fermees-2024\/#breadcrumb\"},\"inLanguage\":\"en-US\",\"potentialAction\":[{\"@type\":\"ReadAction\",\"target\":[\"https:\/\/www.unxpected.fr\/evenements\/ventoux-sur-routes-fermees-2024\/\"]}]},{\"@type\":\"ImageObject\",\"inLanguage\":\"en-US\",\"@id\":\"https:\/\/www.unxpected.fr\/evenements\/ventoux-sur-routes-fermees-2024\/#primaryimage\",\"url\":\"https:\/\/www.unxpected.fr\/wp-content\/uploads\/2023\/09\/VENT.png\",\"contentUrl\":\"https:\/\/www.unxpected.fr\/wp-content\/uploads\/2023\/09\/VENT.png\",\"width\":1338,\"height\":888,\"caption\":\"route ferm\u00e9e au Ventoux\"},{\"@type\":\"BreadcrumbList\",\"@id\":\"https:\/\/www.unxpected.fr\/evenements\/ventoux-sur-routes-fermees-2024\/#breadcrumb\",\"itemListElement\":[{\"@type\":\"ListItem\",\"position\":1,\"name\":\"Private Porsche Club\",\"item\":\"https:\/\/www.unxpected.fr\/\"},{\"@type\":\"ListItem\",\"position\":2,\"name\":\"Products\",\"item\":\"https:\/\/www.unxpected.fr\/index.php\/shop\/\"},{\"@type\":\"ListItem\",\"position\":3,\"name\":\"\u00c9v\u00e9nements\",\"item\":\"https:\/\/www.unxpected.fr\/evenements\/\"},{\"@type\":\"ListItem\",\"position\":4,\"name\":\"Ventoux sur routes ferm\u00e9es 2024\"}]},{\"@type\":\"WebSite\",\"@id\":\"https:\/\/www.unxpected.fr\/#website\",\"url\":\"https:\/\/www.unxpected.fr\/\",\"name\":\"UNXPECTED\",\"description\":\"Private Porsche Club\",\"publisher\":{\"@id\":\"https:\/\/www.unxpected.fr\/#organization\"},\"potentialAction\":[{\"@type\":\"SearchAction\",\"target\":{\"@type\":\"EntryPoint\",\"urlTemplate\":\"https:\/\/www.unxpected.fr\/?s={search_term_string}\"},\"query-input\":{\"@type\":\"PropertyValueSpecification\",\"valueRequired\":true,\"valueName\":\"search_term_string\"}}],\"inLanguage\":\"en-US\"},{\"@type\":\"Organization\",\"@id\":\"https:\/\/www.unxpected.fr\/#organization\",\"name\":\"UNXPECTED\",\"url\":\"https:\/\/www.unxpected.fr\/\",\"logo\":{\"@type\":\"ImageObject\",\"inLanguage\":\"en-US\",\"@id\":\"https:\/\/www.unxpected.fr\/#\/schema\/logo\/image\/\",\"url\":\"https:\/\/www.unxpected.fr\/wp-content\/uploads\/2023\/07\/cropped-Logo_unxpected_circle_WB.png\",\"contentUrl\":\"https:\/\/www.unxpected.fr\/wp-content\/uploads\/2023\/07\/cropped-Logo_unxpected_circle_WB.png\",\"width\":512,\"height\":512,\"caption\":\"UNXPECTED\"},\"image\":{\"@id\":\"https:\/\/www.unxpected.fr\/#\/schema\/logo\/image\/\"}}]}<\/script>\n<!-- \/ Yoast SEO plugin. -->","yoast_head_json":{"title":"Ventoux on closed roads 2024 - UNXPECTED","description":"Get ready for an unforgettable weekend in the heart of Provence, between privatized roads and breathtaking landscapes! route 1: Untimed rally in the Gorges de la Nesque, a wild and spectacular 26 km route just for us \ud83d\ude97\ud83d\udca8 \ud83d\udd39 route 2: Untimed hill climb on Mont Ventoux, 12 km of the mythical route reserved exclusively for our group \ud83c\udf1f\ud83c\udfc1","robots":{"index":"index","follow":"follow","max-snippet":"max-snippet:-1","max-image-preview":"max-image-preview:large","max-video-preview":"max-video-preview:-1"},"canonical":"https:\/\/www.unxpected.fr\/en\/evenements\/ventoux-sur-routes-fermees-2024\/","og_locale":"en_US","og_type":"article","og_title":"Ventoux sur routes ferm\u00e9es 2024 - UNXPECTED","og_description":"Pr\u00e9parez-vous pour un week-end inoubliable au c\u0153ur de la Provence, entre routes privatis\u00e9es et paysages \u00e9poustouflants ! trac\u00e9 1 : Rallye non chronom\u00e9tr\u00e9 dans les Gorges de la Nesque, une route sauvage et spectaculaire de 26 km rien que pour nous \ud83d\ude97\ud83d\udca8 \ud83d\udd39 trac\u00e9 2 : Course de c\u00f4te non chronom\u00e9tr\u00e9e sur le Mont Ventoux, 12 km du trac\u00e9 mythique r\u00e9serv\u00e9s exclusivement pour notre groupe \ud83c\udf1f\ud83c\udfc1","og_url":"https:\/\/www.unxpected.fr\/en\/evenements\/ventoux-sur-routes-fermees-2024\/","og_site_name":"UNXPECTED","article_modified_time":"2026-03-05T08:41:59+00:00","og_image":[{"width":1338,"height":888,"url":"https:\/\/www.unxpected.fr\/wp-content\/uploads\/2023\/09\/VENT.png","type":"image\/png"}],"twitter_card":"summary_large_image","twitter_misc":{"Est. reading time":"4 minutes"},"schema":{"@context":"https:\/\/schema.org","@graph":[{"@type":"WebPage","@id":"https:\/\/www.unxpected.fr\/evenements\/ventoux-sur-routes-fermees-2024\/","url":"https:\/\/www.unxpected.fr\/evenements\/ventoux-sur-routes-fermees-2024\/","name":"Ventoux on closed roads 2024 - UNXPECTED","isPartOf":{"@id":"https:\/\/www.unxpected.fr\/#website"},"primaryImageOfPage":{"@id":"https:\/\/www.unxpected.fr\/evenements\/ventoux-sur-routes-fermees-2024\/#primaryimage"},"image":{"@id":"https:\/\/www.unxpected.fr\/evenements\/ventoux-sur-routes-fermees-2024\/#primaryimage"},"thumbnailUrl":"https:\/\/www.unxpected.fr\/wp-content\/uploads\/2023\/09\/VENT.png","datePublished":"2024-03-26T14:51:11+00:00","dateModified":"2026-03-05T08:41:59+00:00","description":"Get ready for an unforgettable weekend in the heart of Provence, between privatized roads and breathtaking landscapes! route 1: Untimed rally in the Gorges de la Nesque, a wild and spectacular 26 km route just for us \ud83d\ude97\ud83d\udca8 \ud83d\udd39 route 2: Untimed hill climb on Mont Ventoux, 12 km of the mythical route reserved exclusively for our group \ud83c\udf1f\ud83c\udfc1","breadcrumb":{"@id":"https:\/\/www.unxpected.fr\/evenements\/ventoux-sur-routes-fermees-2024\/#breadcrumb"},"inLanguage":"en-US","potentialAction":[{"@type":"ReadAction","target":["https:\/\/www.unxpected.fr\/evenements\/ventoux-sur-routes-fermees-2024\/"]}]},{"@type":"ImageObject","inLanguage":"en-US","@id":"https:\/\/www.unxpected.fr\/evenements\/ventoux-sur-routes-fermees-2024\/#primaryimage","url":"https:\/\/www.unxpected.fr\/wp-content\/uploads\/2023\/09\/VENT.png","contentUrl":"https:\/\/www.unxpected.fr\/wp-content\/uploads\/2023\/09\/VENT.png","width":1338,"height":888,"caption":"route ferm\u00e9e au Ventoux"},{"@type":"BreadcrumbList","@id":"https:\/\/www.unxpected.fr\/evenements\/ventoux-sur-routes-fermees-2024\/#breadcrumb","itemListElement":[{"@type":"ListItem","position":1,"name":"Private Porsche Club","item":"https:\/\/www.unxpected.fr\/"},{"@type":"ListItem","position":2,"name":"Products","item":"https:\/\/www.unxpected.fr\/index.php\/shop\/"},{"@type":"ListItem","position":3,"name":"\u00c9v\u00e9nements","item":"https:\/\/www.unxpected.fr\/evenements\/"},{"@type":"ListItem","position":4,"name":"Ventoux sur routes ferm\u00e9es 2024"}]},{"@type":"WebSite","@id":"https:\/\/www.unxpected.fr\/#website","url":"https:\/\/www.unxpected.fr\/","name":"UNXPECTED","description":"Private Porsche Club","publisher":{"@id":"https:\/\/www.unxpected.fr\/#organization"},"potentialAction":[{"@type":"SearchAction","target":{"@type":"EntryPoint","urlTemplate":"https:\/\/www.unxpected.fr\/?s={search_term_string}"},"query-input":{"@type":"PropertyValueSpecification","valueRequired":true,"valueName":"search_term_string"}}],"inLanguage":"en-US"},{"@type":"Organization","@id":"https:\/\/www.unxpected.fr\/#organization","name":"UNXPECTED","url":"https:\/\/www.unxpected.fr\/","logo":{"@type":"ImageObject","inLanguage":"en-US","@id":"https:\/\/www.unxpected.fr\/#\/schema\/logo\/image\/","url":"https:\/\/www.unxpected.fr\/wp-content\/uploads\/2023\/07\/cropped-Logo_unxpected_circle_WB.png","contentUrl":"https:\/\/www.unxpected.fr\/wp-content\/uploads\/2023\/07\/cropped-Logo_unxpected_circle_WB.png","width":512,"height":512,"caption":"UNXPECTED"},"image":{"@id":"https:\/\/www.unxpected.fr\/#\/schema\/logo\/image\/"}}]}},"_links":{"self":[{"href":"https:\/\/www.unxpected.fr\/en\/wp-json\/wp\/v2\/product\/5487","targetHints":{"allow":["GET"]}}],"collection":[{"href":"https:\/\/www.unxpected.fr\/en\/wp-json\/wp\/v2\/product"}],"about":[{"href":"https:\/\/www.unxpected.fr\/en\/wp-json\/wp\/v2\/types\/product"}],"version-history":[{"count":19,"href":"https:\/\/www.unxpected.fr\/en\/wp-json\/wp\/v2\/product\/5487\/revisions"}],"predecessor-version":[{"id":5712,"href":"https:\/\/www.unxpected.fr\/en\/wp-json\/wp\/v2\/product\/5487\/revisions\/5712"}],"wp:featuredmedia":[{"embeddable":true,"href":"https:\/\/www.unxpected.fr\/en\/wp-json\/wp\/v2\/media\/3868"}],"wp:attachment":[{"href":"https:\/\/www.unxpected.fr\/en\/wp-json\/wp\/v2\/media?parent=5487"}],"wp:term":[{"taxonomy":"product_brand","embeddable":true,"href":"https:\/\/www.unxpected.fr\/en\/wp-json\/wp\/v2\/product_brand?post=5487"},{"taxonomy":"product_cat","embeddable":true,"href":"https:\/\/www.unxpected.fr\/en\/wp-json\/wp\/v2\/product_cat?post=5487"},{"taxonomy":"product_tag","embeddable":true,"href":"https:\/\/www.unxpected.fr\/en\/wp-json\/wp\/v2\/product_tag?post=5487"}],"curies":[{"name":"wp","href":"https:\/\/api.w.org\/{rel}","templated":true}]}}